{"id":8,"date":"2026-07-11T13:35:30","date_gmt":"2026-07-11T16:35:30","guid":{"rendered":"http:\/\/localhost:8888\/cafe\/?page_id=8"},"modified":"2026-07-27T17:13:14","modified_gmt":"2026-07-27T20:13:14","slug":"homepage","status":"publish","type":"page","link":"https:\/\/www.brandingready.cl\/demos\/cafeteria\/","title":{"rendered":"Homepage"},"content":{"rendered":"\n<div class=\"wp-block-uagb-container uagb-block-0b042342 alignfull uagb-is-root-container\"><div class=\"uagb-container-inner-blocks-wrap\">\n<h1 class=\"wp-block-heading has-text-align-center has-ast-global-color-4-color has-text-color has-link-color wp-elements-1\">Caf\u00e9 de Granos &amp; Pasteler\u00eda Artesanal<\/h1>\n\n\n\n<p class=\"has-text-align-center has-ast-global-color-4-color has-text-color has-link-color wp-elements-2 wp-block-paragraph\">Granos seleccionados de origen colombiano. <br>Tostado local diario en el Sur de Chile<\/p>\n\n\n\n<div class=\"wp-block-buttons is-content-justification-center is-layout-flex wp-container-core-buttons-is-layout-3e41869c wp-block-buttons-is-layout-flex\">\n<div class=\"wp-block-button\"><a class=\"wp-block-button__link has-text-align-center wp-element-button\" href=\"https:\/\/www.brandingready.cl\/demos\/cafeteria\/wp-content\/uploads\/2026\/07\/carta-menu-pdf-celular.pdf\" target=\"_blank\" rel=\"noreferrer noopener\"><strong>VER CARTA COMPLETA<\/strong><\/a><\/div>\n<\/div>\n<\/div><\/div>\n\n\n\n<div class=\"wp-block-uagb-container uagb-block-821f2104 alignfull uagb-is-root-container\"><div class=\"uagb-container-inner-blocks-wrap\">\n<div class=\"wp-block-uagb-container uagb-block-eba7fdce\">\n<div class=\"wp-block-uagb-advanced-heading uagb-block-ea61d572\"><h3 class=\"uagb-heading-text\">Caf\u00e9 de Grano<\/h3><\/div>\n\n\n\n<div class=\"wp-block-uagb-image uagb-block-6d61390b wp-block-uagb-image--layout-default wp-block-uagb-image--effect-static wp-block-uagb-image--align-none\"><figure class=\"wp-block-uagb-image__figure\"><img decoding=\"async\" src=\"https:\/\/www.brandingready.cl\/demos\/cafeteria\/wp-content\/uploads\/2026\/07\/01cafe.png\" alt=\"\" class=\"uag-image-27\" width=\"100\" height=\"100\" title=\"01cafe\" loading=\"lazy\" role=\"img\" \/><\/figure><\/div>\n\n\n\n<p class=\"has-text-align-center wp-block-paragraph\">Granos seleccionados de pa\u00edses y variedades muy diversos y deliciosos para disfrutar.<\/p>\n<\/div>\n\n\n\n<div class=\"wp-block-uagb-container uagb-block-2c3667ee\">\n<div class=\"wp-block-uagb-advanced-heading uagb-block-e8aad3d2\"><h3 class=\"uagb-heading-text\">Pasteler\u00eda Artesanal<\/h3><\/div>\n\n\n\n<figure class=\"wp-block-image aligncenter size-full\"><img loading=\"lazy\" decoding=\"async\" width=\"100\" height=\"100\" src=\"https:\/\/www.brandingready.cl\/demos\/cafeteria\/wp-content\/uploads\/2026\/07\/02-pasteleria.png\" alt=\"\" class=\"wp-image-28\"\/><\/figure>\n\n\n\n<p class=\"has-text-align-center wp-block-paragraph\">Deliciosos trozos de tortas, adem\u00e1s de exquisitos queques de muchas variedades.<\/p>\n<\/div>\n\n\n\n<div class=\"wp-block-uagb-container uagb-block-a4ed3c1c\">\n<div class=\"wp-block-uagb-advanced-heading uagb-block-3a93bc89\"><h3 class=\"uagb-heading-text\">Pet-Friendly<\/h3><\/div>\n\n\n\n<div class=\"wp-block-uagb-image uagb-block-d159f8c9 wp-block-uagb-image--layout-default wp-block-uagb-image--effect-static wp-block-uagb-image--align-none\"><figure class=\"wp-block-uagb-image__figure\"><img decoding=\"async\" src=\"https:\/\/www.brandingready.cl\/demos\/cafeteria\/wp-content\/uploads\/2026\/07\/03-petfriendly.png\" alt=\"\" class=\"uag-image-29\" width=\"100\" height=\"100\" title=\"03-petfriendly\" loading=\"lazy\" role=\"img\" \/><\/figure><\/div>\n\n\n\n<p class=\"has-text-align-center wp-block-paragraph\">Contamos con espacios y atenci\u00f3n especial para nuestros compa\u00f1eros de vida.<\/p>\n<\/div>\n<\/div><\/div>\n\n\n\n<div id=\"carta\" class=\"wp-block-uagb-container uagb-block-1910bfa7 alignfull uagb-is-root-container\"><div class=\"uagb-container-inner-blocks-wrap\">\n<div class=\"wp-block-uagb-advanced-heading uagb-block-fe0a1e42\"><h2 class=\"uagb-heading-text\">CARTA DEL D\u00cdA<\/h2><\/div>\n<\/div><\/div>\n\n\n\n<div class=\"wp-block-uagb-container uagb-block-2a16d17a alignfull uagb-is-root-container\">\n<div class=\"wp-block-uagb-container uagb-block-714d6f39\">\n<h3 class=\"wp-block-heading has-text-align-center\">Espresso + Leche<\/h3>\n\n\n\n<div class=\"wp-block-uagb-image uagb-block-4a8817bb wp-block-uagb-image--layout-default wp-block-uagb-image--effect-static wp-block-uagb-image--align-none\"><figure class=\"wp-block-uagb-image__figure\"><img decoding=\"async\" src=\"https:\/\/www.brandingready.cl\/demos\/cafeteria\/wp-content\/uploads\/2026\/07\/cafes-masas01.jpg\" alt=\"\" class=\"uag-image-38\" width=\"1024\" height=\"1024\" title=\"cafes-masas01\" loading=\"lazy\" role=\"img\" \/><\/figure><\/div>\n\n\n\n<p class=\"has-text-align-center wp-block-paragraph\">Extracci\u00f3n intensa de notas achocolatadas, 60ml.<br><strong>$3.500<\/strong><\/p>\n<\/div>\n\n\n\n<div class=\"wp-block-uagb-container uagb-block-d1f82f41\">\n<h3 class=\"wp-block-heading has-text-align-center\">Espresso Simple<\/h3>\n\n\n\n<div class=\"wp-block-uagb-image uagb-block-541d084f wp-block-uagb-image--layout-default wp-block-uagb-image--effect-static wp-block-uagb-image--align-none\"><figure class=\"wp-block-uagb-image__figure\"><img decoding=\"async\" src=\"https:\/\/www.brandingready.cl\/demos\/cafeteria\/wp-content\/uploads\/2026\/07\/cafes-masas02.jpg\" alt=\"\" class=\"uag-image-39\" width=\"1024\" height=\"1024\" title=\"cafes-masas02\" loading=\"lazy\" role=\"img\" \/><\/figure><\/div>\n\n\n\n<p class=\"has-text-align-center wp-block-paragraph\">Extracci\u00f3n intensa de notas achocolatadas, 60ml.<br><strong>$2.500<\/strong><\/p>\n<\/div>\n\n\n\n<div class=\"wp-block-uagb-container uagb-block-49acb3ef\">\n<h3 class=\"wp-block-heading has-text-align-center\">Trozo de Torta<\/h3>\n\n\n\n<div class=\"wp-block-uagb-image uagb-block-da51af35 wp-block-uagb-image--layout-default wp-block-uagb-image--effect-static wp-block-uagb-image--align-none\"><figure class=\"wp-block-uagb-image__figure\"><img decoding=\"async\" src=\"https:\/\/www.brandingready.cl\/demos\/cafeteria\/wp-content\/uploads\/2026\/07\/cafes-masas03.jpg\" alt=\"\" class=\"uag-image-40\" width=\"1024\" height=\"1024\" title=\"cafes-masas03\" loading=\"lazy\" role=\"img\" \/><\/figure><\/div>\n\n\n\n<p class=\"has-text-align-center wp-block-paragraph\">Extracci\u00f3n intensa de notas achocolatadas, 60ml.<br><strong>$3.800<\/strong><\/p>\n<\/div>\n<\/div>\n\n\n\n<div class=\"wp-block-uagb-container uagb-block-3a6b8c6b alignfull uagb-is-root-container\">\n<div class=\"wp-block-uagb-container uagb-block-34e2c8f0\">\n<h3 class=\"wp-block-heading has-text-align-center\">Espresso<\/h3>\n\n\n\n<div class=\"wp-block-uagb-image uagb-block-785946ec wp-block-uagb-image--layout-default wp-block-uagb-image--effect-static wp-block-uagb-image--align-none\"><figure class=\"wp-block-uagb-image__figure\"><img decoding=\"async\" src=\"https:\/\/www.brandingready.cl\/demos\/cafeteria\/wp-content\/uploads\/2026\/07\/cafes-masas04.jpg\" alt=\"\" class=\"uag-image-44\" width=\"1024\" height=\"1024\" title=\"cafes-masas04\" loading=\"lazy\" role=\"img\" \/><\/figure><\/div>\n\n\n\n<p class=\"has-text-align-center wp-block-paragraph\">Extracci\u00f3n intensa de notas achocolatadas, 60ml.<br><strong>$2.800<\/strong><\/p>\n<\/div>\n\n\n\n<div class=\"wp-block-uagb-container uagb-block-73f9c29c\">\n<h3 class=\"wp-block-heading has-text-align-center\">Espresso Doble<\/h3>\n\n\n\n<div class=\"wp-block-uagb-image uagb-block-91552bb8 wp-block-uagb-image--layout-default wp-block-uagb-image--effect-static wp-block-uagb-image--align-none\"><figure class=\"wp-block-uagb-image__figure\"><img decoding=\"async\" src=\"https:\/\/www.brandingready.cl\/demos\/cafeteria\/wp-content\/uploads\/2026\/07\/cafes-masas05.jpg\" alt=\"\" class=\"uag-image-45\" width=\"1024\" height=\"1024\" title=\"cafes-masas05\" loading=\"lazy\" role=\"img\" \/><\/figure><\/div>\n\n\n\n<p class=\"has-text-align-center wp-block-paragraph\">Extracci\u00f3n intensa de notas achocolatadas, 60ml.<br><strong>$2.800<\/strong><\/p>\n<\/div>\n\n\n\n<div class=\"wp-block-uagb-container uagb-block-a2b588ea\">\n<h3 class=\"wp-block-heading has-text-align-center\">Espresso Doble<\/h3>\n\n\n\n<div class=\"wp-block-uagb-image uagb-block-c350f543 wp-block-uagb-image--layout-default wp-block-uagb-image--effect-static wp-block-uagb-image--align-none\"><figure class=\"wp-block-uagb-image__figure\"><img decoding=\"async\" src=\"https:\/\/www.brandingready.cl\/demos\/cafeteria\/wp-content\/uploads\/2026\/07\/cafes-masas06.jpg\" alt=\"\" class=\"uag-image-46\" width=\"1024\" height=\"1024\" title=\"cafes-masas06\" loading=\"lazy\" role=\"img\" \/><\/figure><\/div>\n\n\n\n<p class=\"has-text-align-center wp-block-paragraph\">Extracci\u00f3n intensa de notas achocolatadas, 60ml.<br><strong>$2.800<\/strong><\/p>\n<\/div>\n<\/div>\n\n\n\n<div id=\"cafeteria\" class=\"wp-block-uagb-container uagb-block-53a293a9 alignfull uagb-is-root-container\">\n<h1 class=\"wp-block-heading has-text-align-center has-ast-global-color-1-color has-text-color has-link-color wp-elements-3\" style=\"padding-top:0rem;padding-bottom:0rem;font-size:66px;font-style:normal;font-weight:400\">NUESTRA CAFETER\u00cdA<\/h1>\n\n\n\n<figure class=\"wp-block-gallery has-nested-images columns-default is-cropped wp-block-gallery-1 is-layout-flex wp-block-gallery-is-layout-flex\">\n<figure class=\"wp-block-image size-large\"><a href=\"https:\/\/www.brandingready.cl\/demos\/cafeteria\/wp-content\/uploads\/2026\/07\/galeria08.jpg\"><img loading=\"lazy\" decoding=\"async\" width=\"800\" height=\"800\" data-id=\"55\" src=\"https:\/\/www.brandingready.cl\/demos\/cafeteria\/wp-content\/uploads\/2026\/07\/galeria08.jpg\" alt=\"\" class=\"wp-image-55\" srcset=\"https:\/\/www.brandingready.cl\/demos\/cafeteria\/wp-content\/uploads\/2026\/07\/galeria08.jpg 800w, https:\/\/www.brandingready.cl\/demos\/cafeteria\/wp-content\/uploads\/2026\/07\/galeria08-300x300.jpg 300w, https:\/\/www.brandingready.cl\/demos\/cafeteria\/wp-content\/uploads\/2026\/07\/galeria08-150x150.jpg 150w, https:\/\/www.brandingready.cl\/demos\/cafeteria\/wp-content\/uploads\/2026\/07\/galeria08-768x768.jpg 768w\" sizes=\"auto, (max-width: 800px) 100vw, 800px\" \/><\/a><\/figure>\n\n\n\n<figure class=\"wp-block-image size-large\"><a href=\"https:\/\/www.brandingready.cl\/demos\/cafeteria\/wp-content\/uploads\/2026\/07\/galeria06.jpg\"><img loading=\"lazy\" decoding=\"async\" width=\"800\" height=\"800\" data-id=\"54\" src=\"https:\/\/www.brandingready.cl\/demos\/cafeteria\/wp-content\/uploads\/2026\/07\/galeria06.jpg\" alt=\"\" class=\"wp-image-54\" srcset=\"https:\/\/www.brandingready.cl\/demos\/cafeteria\/wp-content\/uploads\/2026\/07\/galeria06.jpg 800w, https:\/\/www.brandingready.cl\/demos\/cafeteria\/wp-content\/uploads\/2026\/07\/galeria06-300x300.jpg 300w, https:\/\/www.brandingready.cl\/demos\/cafeteria\/wp-content\/uploads\/2026\/07\/galeria06-150x150.jpg 150w, https:\/\/www.brandingready.cl\/demos\/cafeteria\/wp-content\/uploads\/2026\/07\/galeria06-768x768.jpg 768w\" sizes=\"auto, (max-width: 800px) 100vw, 800px\" \/><\/a><\/figure>\n\n\n\n<figure class=\"wp-block-image size-large\"><a href=\"https:\/\/www.brandingready.cl\/demos\/cafeteria\/wp-content\/uploads\/2026\/07\/galeria07.jpg\"><img loading=\"lazy\" decoding=\"async\" width=\"800\" height=\"800\" data-id=\"53\" src=\"https:\/\/www.brandingready.cl\/demos\/cafeteria\/wp-content\/uploads\/2026\/07\/galeria07.jpg\" alt=\"\" class=\"wp-image-53\" srcset=\"https:\/\/www.brandingready.cl\/demos\/cafeteria\/wp-content\/uploads\/2026\/07\/galeria07.jpg 800w, https:\/\/www.brandingready.cl\/demos\/cafeteria\/wp-content\/uploads\/2026\/07\/galeria07-300x300.jpg 300w, https:\/\/www.brandingready.cl\/demos\/cafeteria\/wp-content\/uploads\/2026\/07\/galeria07-150x150.jpg 150w, https:\/\/www.brandingready.cl\/demos\/cafeteria\/wp-content\/uploads\/2026\/07\/galeria07-768x768.jpg 768w\" sizes=\"auto, (max-width: 800px) 100vw, 800px\" \/><\/a><\/figure>\n\n\n\n<figure class=\"wp-block-image size-large\"><a href=\"https:\/\/www.brandingready.cl\/demos\/cafeteria\/wp-content\/uploads\/2026\/07\/galeria04.jpg\"><img loading=\"lazy\" decoding=\"async\" width=\"800\" height=\"800\" data-id=\"52\" src=\"https:\/\/www.brandingready.cl\/demos\/cafeteria\/wp-content\/uploads\/2026\/07\/galeria04.jpg\" alt=\"\" class=\"wp-image-52\" srcset=\"https:\/\/www.brandingready.cl\/demos\/cafeteria\/wp-content\/uploads\/2026\/07\/galeria04.jpg 800w, https:\/\/www.brandingready.cl\/demos\/cafeteria\/wp-content\/uploads\/2026\/07\/galeria04-300x300.jpg 300w, https:\/\/www.brandingready.cl\/demos\/cafeteria\/wp-content\/uploads\/2026\/07\/galeria04-150x150.jpg 150w, https:\/\/www.brandingready.cl\/demos\/cafeteria\/wp-content\/uploads\/2026\/07\/galeria04-768x768.jpg 768w\" sizes=\"auto, (max-width: 800px) 100vw, 800px\" \/><\/a><\/figure>\n\n\n\n<figure class=\"wp-block-image size-large\"><a href=\"https:\/\/www.brandingready.cl\/demos\/cafeteria\/wp-content\/uploads\/2026\/07\/galeria05.jpg\"><img loading=\"lazy\" decoding=\"async\" width=\"800\" height=\"800\" data-id=\"51\" src=\"https:\/\/www.brandingready.cl\/demos\/cafeteria\/wp-content\/uploads\/2026\/07\/galeria05.jpg\" alt=\"\" class=\"wp-image-51\" srcset=\"https:\/\/www.brandingready.cl\/demos\/cafeteria\/wp-content\/uploads\/2026\/07\/galeria05.jpg 800w, https:\/\/www.brandingready.cl\/demos\/cafeteria\/wp-content\/uploads\/2026\/07\/galeria05-300x300.jpg 300w, https:\/\/www.brandingready.cl\/demos\/cafeteria\/wp-content\/uploads\/2026\/07\/galeria05-150x150.jpg 150w, https:\/\/www.brandingready.cl\/demos\/cafeteria\/wp-content\/uploads\/2026\/07\/galeria05-768x768.jpg 768w\" sizes=\"auto, (max-width: 800px) 100vw, 800px\" \/><\/a><\/figure>\n\n\n\n<figure class=\"wp-block-image size-large\"><a href=\"https:\/\/www.brandingready.cl\/demos\/cafeteria\/wp-content\/uploads\/2026\/07\/galeria01.jpg\"><img loading=\"lazy\" decoding=\"async\" width=\"800\" height=\"800\" data-id=\"49\" src=\"https:\/\/www.brandingready.cl\/demos\/cafeteria\/wp-content\/uploads\/2026\/07\/galeria01.jpg\" alt=\"\" class=\"wp-image-49\" srcset=\"https:\/\/www.brandingready.cl\/demos\/cafeteria\/wp-content\/uploads\/2026\/07\/galeria01.jpg 800w, https:\/\/www.brandingready.cl\/demos\/cafeteria\/wp-content\/uploads\/2026\/07\/galeria01-300x300.jpg 300w, https:\/\/www.brandingready.cl\/demos\/cafeteria\/wp-content\/uploads\/2026\/07\/galeria01-150x150.jpg 150w, https:\/\/www.brandingready.cl\/demos\/cafeteria\/wp-content\/uploads\/2026\/07\/galeria01-768x768.jpg 768w\" sizes=\"auto, (max-width: 800px) 100vw, 800px\" \/><\/a><\/figure>\n<\/figure>\n<\/div>\n\n\n\n<div class=\"wp-block-uagb-container uagb-block-bf82f9b8 alignfull uagb-is-root-container\"><div class=\"uagb-container-inner-blocks-wrap\">\n<div class=\"wp-block-uagb-container uagb-block-af176fda\">\n<h1 class=\"wp-block-heading has-text-align-center has-ast-global-color-1-color has-text-color has-link-color wp-elements-4\" id=\"ubicacion\" style=\"padding-top:0;padding-bottom:0;font-size:66px;font-style:normal;font-weight:400\">VISITANOS<\/h1>\n\n\n\n<h3 class=\"wp-block-heading has-text-align-center has-ast-global-color-0-color has-text-color has-link-color wp-elements-5\"><strong>Lunes a Viernes: 08:00 a 20:00 hrs.<\/strong><br><strong><strong>S\u00e1bado y Domingo: 09:00 a 21:00 hrs.<\/strong><\/strong><\/h3>\n<\/div>\n\n\n\n<div class=\"wp-block-uagb-container uagb-block-fa9b3c2a\">\t\t\t<div \n\t\t\tclass=\"wp-block-uagb-google-map uagb-google-map__wrap uagb-block-74b79529     \"\n\t\t\tstyle=\"\" >\n\t\t\t\t<embed\n\t\t\t\t\tclass=\"uagb-google-map__iframe\"\n\t\t\t\t\ttitle=\"Mapa de Google de \"\n\t\t\t\t\tsrc=\"https:\/\/maps.google.com\/maps?q=Avenida%20Las%20Condes%205200&#038;z=16&#038;hl=es&#038;t=m&#038;output=embed&#038;iwloc=near\"\n\t\t\t\t\twidth=\"640\"\n\t\t\t\t\theight=\"400\"\n\t\t\t\t\tloading=\"lazy\"\n\t\t\t\t><\/embed>\n\t\t\t<\/div>\n\t\t\t<\/div>\n<\/div><\/div>\n\n\n\n<p class=\"wp-block-paragraph\"><\/p>\n","protected":false},"excerpt":{"rendered":"<p>Caf\u00e9 de Granos &amp; Pasteler\u00eda Artesanal Granos seleccionados de origen colombiano. Tostado local diario en el Sur de Chile Caf\u00e9 [&hellip;]<\/p>\n","protected":false},"author":1,"featured_media":0,"parent":0,"menu_order":0,"comment_status":"closed","ping_status":"closed","template":"","meta":{"_uag_custom_page_level_css":"","site-sidebar-layout":"no-sidebar","site-content-layout":"","ast-site-content-layout":"full-width-container","site-content-style":"default","site-sidebar-style":"default","ast-global-header-display":"","ast-banner-title-visibility":"disabled","ast-main-header-display":"","ast-hfb-above-header-display":"","ast-hfb-below-header-display":"","ast-hfb-mobile-header-display":"","site-post-title":"","ast-breadcrumbs-content":"","ast-featured-img":"","footer-sml-layout":"","ast-disable-related-posts":"","theme-transparent-header-meta":"","adv-header-id-meta":"","stick-header-meta":"","header-above-stick-meta":"","header-main-stick-meta":"","header-below-stick-meta":"","astra-migrate-meta-layouts":"default","ast-page-background-enabled":"default","ast-page-background-meta":{"desktop":{"background-color":"var(--ast-global-color-5)","background-image":"","background-repeat":"repeat","background-position":"center center","background-size":"auto","background-attachment":"scroll","background-type":"","background-media":"","overlay-type":"","overlay-color":"","overlay-opacity":"","overlay-gradient":""},"tablet":{"background-color":"","background-image":"","background-repeat":"repeat","background-position":"center center","background-size":"auto","background-attachment":"scroll","background-type":"","background-media":"","overlay-type":"","overlay-color":"","overlay-opacity":"","overlay-gradient":""},"mobile":{"background-color":"","background-image":"","background-repeat":"repeat","background-position":"center center","background-size":"auto","background-attachment":"scroll","background-type":"","background-media":"","overlay-type":"","overlay-color":"","overlay-opacity":"","overlay-gradient":""}},"ast-content-background-meta":{"desktop":{"background-color":"var(--ast-global-color-4)","background-image":"","background-repeat":"repeat","background-position":"center center","background-size":"auto","background-attachment":"scroll","background-type":"","background-media":"","overlay-type":"","overlay-color":"","overlay-opacity":"","overlay-gradient":""},"tablet":{"background-color":"var(--ast-global-color-4)","background-image":"","background-repeat":"repeat","background-position":"center center","background-size":"auto","background-attachment":"scroll","background-type":"","background-media":"","overlay-type":"","overlay-color":"","overlay-opacity":"","overlay-gradient":""},"mobile":{"background-color":"var(--ast-global-color-4)","background-image":"","background-repeat":"repeat","background-position":"center center","background-size":"auto","background-attachment":"scroll","background-type":"","background-media":"","overlay-type":"","overlay-color":"","overlay-opacity":"","overlay-gradient":""}},"footnotes":""},"class_list":["post-8","page","type-page","status-publish","hentry"],"uagb_featured_image_src":{"full":false,"thumbnail":false,"medium":false,"medium_large":false,"large":false,"1536x1536":false,"2048x2048":false},"uagb_author_info":{"display_name":"Admin-Cafe","author_link":"https:\/\/www.brandingready.cl\/demos\/cafeteria\/author\/admin-cafe\/"},"uagb_comment_info":0,"uagb_excerpt":"Caf\u00e9 de Granos &amp; Pasteler\u00eda Artesanal Granos seleccionados de origen colombiano. Tostado local diario en el Sur de Chile Caf\u00e9 [&hellip;]","_links":{"self":[{"href":"https:\/\/www.brandingready.cl\/demos\/cafeteria\/wp-json\/wp\/v2\/pages\/8","targetHints":{"allow":["GET"]}}],"collection":[{"href":"https:\/\/www.brandingready.cl\/demos\/cafeteria\/wp-json\/wp\/v2\/pages"}],"about":[{"href":"https:\/\/www.brandingready.cl\/demos\/cafeteria\/wp-json\/wp\/v2\/types\/page"}],"author":[{"embeddable":true,"href":"https:\/\/www.brandingready.cl\/demos\/cafeteria\/wp-json\/wp\/v2\/users\/1"}],"replies":[{"embeddable":true,"href":"https:\/\/www.brandingready.cl\/demos\/cafeteria\/wp-json\/wp\/v2\/comments?post=8"}],"version-history":[{"count":41,"href":"https:\/\/www.brandingready.cl\/demos\/cafeteria\/wp-json\/wp\/v2\/pages\/8\/revisions"}],"predecessor-version":[{"id":127,"href":"https:\/\/www.brandingready.cl\/demos\/cafeteria\/wp-json\/wp\/v2\/pages\/8\/revisions\/127"}],"wp:attachment":[{"href":"https:\/\/www.brandingready.cl\/demos\/cafeteria\/wp-json\/wp\/v2\/media?parent=8"}],"curies":[{"name":"wp","href":"https:\/\/api.w.org\/{rel}","templated":true}]}}